{"id":85,"date":"2023-01-03T22:43:16","date_gmt":"2023-01-04T04:43:16","guid":{"rendered":"https:\/\/amorsinfronterasac.org\/?page_id=85"},"modified":"2023-02-14T09:34:48","modified_gmt":"2023-02-14T15:34:48","slug":"servicios","status":"publish","type":"page","link":"https:\/\/amorsinfronterasac.org\/?page_id=85","title":{"rendered":"Servicios"},"content":{"rendered":"\n<h2 class=\"wp-block-heading\">Servicios<\/h2>\n\n\n\n<ul class=\"wp-block-list\">\n<li>Talleres presenciales \/virtuales para la atenci\u00f3n educativa a personas con discapacidad visual. Dirigido a personas con baja visi\u00f3n o ceguera, a maestros en educaci\u00f3n especial o regular y personas interesadas en el acompa\u00f1amiento educativo a personas con discapacidad visual<\/li>\n\n\n\n<li>Transcripci\u00f3n de tarjetas de presentaci\u00f3n y men\u00fas de los restaurantes en el sistema Braille y magnificado<\/li>\n\n\n\n<li>Facilitaci\u00f3n de talleres de sensibilizaci\u00f3n, capacitaci\u00f3n y asesor\u00edas para el trato y manejo de las personas en situaci\u00f3n de discapacidad en instancias p\u00fablicas y privadas<\/li>\n\n\n\n<li>Capacitaciones para la inserci\u00f3n laboral de las personas en situaci\u00f3n de discapacidad<\/li>\n\n\n\n<li>Conferencias en torno a los Derechos Humanos, g\u00e9nero y discapacidad a instancias p\u00fablicas y privadas dentro y fuera del Estado de Chiapas<\/li>\n\n\n\n<li>Talleres y conferencias en sexualidad y especialmente de la sexualidad de las personas en situaci\u00f3n de discapacidad<\/li>\n<\/ul>\n\n\n\n<h2 class=\"wp-block-heading\">Galer\u00eda de fotos<\/h2>\n\n\n<ul class=\"filebird-block-filebird-gallery wp-block-gallery blocks-gallery-grid columns-3 is-cropped\" style=\"--columns: 3;--space: 0px;--min-width: 0px;\"><li class=\"blocks-gallery-item\"><figure><img loading=\"lazy\" decoding=\"async\" width=\"2560\" height=\"1920\" src=\"https:\/\/amorsinfronterasac.org\/wp-content\/uploads\/2023\/01\/tarjeta-de-presentacion-en-braille-scaled.jpg\" alt=\"tarjeta-de-presentacion-en-braille\" class=\"wp-image-84\" srcset=\"https:\/\/amorsinfronterasac.org\/wp-content\/uploads\/2023\/01\/tarjeta-de-presentacion-en-braille-scaled.jpg 2560w, https:\/\/amorsinfronterasac.org\/wp-content\/uploads\/2023\/01\/tarjeta-de-presentacion-en-braille-300x225.jpg 300w, https:\/\/amorsinfronterasac.org\/wp-content\/uploads\/2023\/01\/tarjeta-de-presentacion-en-braille-1024x768.jpg 1024w, https:\/\/amorsinfronterasac.org\/wp-content\/uploads\/2023\/01\/tarjeta-de-presentacion-en-braille-768x576.jpg 768w, https:\/\/amorsinfronterasac.org\/wp-content\/uploads\/2023\/01\/tarjeta-de-presentacion-en-braille-1536x1152.jpg 1536w, https:\/\/amorsinfronterasac.org\/wp-content\/uploads\/2023\/01\/tarjeta-de-presentacion-en-braille-2048x1536.jpg 2048w, https:\/\/amorsinfronterasac.org\/wp-content\/uploads\/2023\/01\/tarjeta-de-presentacion-en-braille-400x300.jpg 400w\" sizes=\"auto, (max-width: 2560px) 100vw, 2560px\" \/><figcaption class=\"blocks-gallery-item__caption\">Tarjeta de presentaci\u00f3n con informaci\u00f3n en Braille<\/figcaption><\/figure><\/li><li class=\"blocks-gallery-item\"><figure><img loading=\"lazy\" decoding=\"async\" width=\"2048\" height=\"1536\" src=\"https:\/\/amorsinfronterasac.org\/wp-content\/uploads\/2023\/01\/mujer-en-silla-de-ruedas-junto-con-tres-personas-en-acto-politico.jpeg\" alt=\"mujer-en-silla-de-ruedas-junto-con-tres-personas-en-acto-politico\" class=\"wp-image-83\" srcset=\"https:\/\/amorsinfronterasac.org\/wp-content\/uploads\/2023\/01\/mujer-en-silla-de-ruedas-junto-con-tres-personas-en-acto-politico.jpeg 2048w, https:\/\/amorsinfronterasac.org\/wp-content\/uploads\/2023\/01\/mujer-en-silla-de-ruedas-junto-con-tres-personas-en-acto-politico-300x225.jpeg 300w, https:\/\/amorsinfronterasac.org\/wp-content\/uploads\/2023\/01\/mujer-en-silla-de-ruedas-junto-con-tres-personas-en-acto-politico-1024x768.jpeg 1024w, https:\/\/amorsinfronterasac.org\/wp-content\/uploads\/2023\/01\/mujer-en-silla-de-ruedas-junto-con-tres-personas-en-acto-politico-768x576.jpeg 768w, https:\/\/amorsinfronterasac.org\/wp-content\/uploads\/2023\/01\/mujer-en-silla-de-ruedas-junto-con-tres-personas-en-acto-politico-1536x1152.jpeg 1536w, https:\/\/amorsinfronterasac.org\/wp-content\/uploads\/2023\/01\/mujer-en-silla-de-ruedas-junto-con-tres-personas-en-acto-politico-400x300.jpeg 400w\" sizes=\"auto, (max-width: 2048px) 100vw, 2048px\" \/><figcaption class=\"blocks-gallery-item__caption\">Conferencia sobre Derechos Humanos, g\u00e9nero y discapacidad<\/figcaption><\/figure><\/li><li class=\"blocks-gallery-item\"><figure><img loading=\"lazy\" decoding=\"async\" width=\"1536\" height=\"2048\" src=\"https:\/\/amorsinfronterasac.org\/wp-content\/uploads\/2023\/01\/menu-en-braille.jpeg\" alt=\"menu-en-braille\" class=\"wp-image-82\" srcset=\"https:\/\/amorsinfronterasac.org\/wp-content\/uploads\/2023\/01\/menu-en-braille.jpeg 1536w, https:\/\/amorsinfronterasac.org\/wp-content\/uploads\/2023\/01\/menu-en-braille-225x300.jpeg 225w, https:\/\/amorsinfronterasac.org\/wp-content\/uploads\/2023\/01\/menu-en-braille-768x1024.jpeg 768w, https:\/\/amorsinfronterasac.org\/wp-content\/uploads\/2023\/01\/menu-en-braille-1152x1536.jpeg 1152w\" sizes=\"auto, (max-width: 1536px) 100vw, 1536px\" \/><figcaption class=\"blocks-gallery-item__caption\">Men\u00fa inclusivo con las descripciones en Braille<\/figcaption><\/figure><\/li><li class=\"blocks-gallery-item\"><figure><img loading=\"lazy\" decoding=\"async\" width=\"575\" height=\"431\" src=\"https:\/\/amorsinfronterasac.org\/wp-content\/uploads\/2023\/01\/charla-sensibilizacion-escuela.jpg\" alt=\"charla-sensibilizacion-escuela\" class=\"wp-image-81\" srcset=\"https:\/\/amorsinfronterasac.org\/wp-content\/uploads\/2023\/01\/charla-sensibilizacion-escuela.jpg 575w, https:\/\/amorsinfronterasac.org\/wp-content\/uploads\/2023\/01\/charla-sensibilizacion-escuela-300x225.jpg 300w, https:\/\/amorsinfronterasac.org\/wp-content\/uploads\/2023\/01\/charla-sensibilizacion-escuela-400x300.jpg 400w\" sizes=\"auto, (max-width: 575px) 100vw, 575px\" \/><figcaption class=\"blocks-gallery-item__caption\">Taller presencial con Maestros de Educaci\u00f3n Especial<\/figcaption><\/figure><\/li><li class=\"blocks-gallery-item\"><figure><img loading=\"lazy\" decoding=\"async\" width=\"719\" height=\"539\" src=\"https:\/\/amorsinfronterasac.org\/wp-content\/uploads\/2023\/01\/charla-profesores-esucela.jpg\" alt=\"charla-profesores-escuela\" class=\"wp-image-80\" srcset=\"https:\/\/amorsinfronterasac.org\/wp-content\/uploads\/2023\/01\/charla-profesores-esucela.jpg 719w, https:\/\/amorsinfronterasac.org\/wp-content\/uploads\/2023\/01\/charla-profesores-esucela-300x225.jpg 300w, https:\/\/amorsinfronterasac.org\/wp-content\/uploads\/2023\/01\/charla-profesores-esucela-400x300.jpg 400w\" sizes=\"auto, (max-width: 719px) 100vw, 719px\" \/><figcaption class=\"blocks-gallery-item__caption\">Taller de formaci\u00f3n para profesores de Educaci\u00f3n Especial<\/figcaption><\/figure><\/li><\/ul>","protected":false},"excerpt":{"rendered":"<p>Servicios Galer\u00eda de fotos<\/p>\n","protected":false},"author":1,"featured_media":0,"parent":0,"menu_order":0,"comment_status":"closed","ping_status":"closed","template":"","meta":{"footnotes":""},"class_list":["post-85","page","type-page","status-publish","hentry"],"_links":{"self":[{"href":"https:\/\/amorsinfronterasac.org\/index.php?rest_route=\/wp\/v2\/pages\/85","targetHints":{"allow":["GET"]}}],"collection":[{"href":"https:\/\/amorsinfronterasac.org\/index.php?rest_route=\/wp\/v2\/pages"}],"about":[{"href":"https:\/\/amorsinfronterasac.org\/index.php?rest_route=\/wp\/v2\/types\/page"}],"author":[{"embeddable":true,"href":"https:\/\/amorsinfronterasac.org\/index.php?rest_route=\/wp\/v2\/users\/1"}],"replies":[{"embeddable":true,"href":"https:\/\/amorsinfronterasac.org\/index.php?rest_route=%2Fwp%2Fv2%2Fcomments&post=85"}],"version-history":[{"count":6,"href":"https:\/\/amorsinfronterasac.org\/index.php?rest_route=\/wp\/v2\/pages\/85\/revisions"}],"predecessor-version":[{"id":168,"href":"https:\/\/amorsinfronterasac.org\/index.php?rest_route=\/wp\/v2\/pages\/85\/revisions\/168"}],"wp:attachment":[{"href":"https:\/\/amorsinfronterasac.org\/index.php?rest_route=%2Fwp%2Fv2%2Fmedia&parent=85"}],"curies":[{"name":"wp","href":"https:\/\/api.w.org\/{rel}","templated":true}]}}